{"id":982,"date":"2025-01-07T11:26:00","date_gmt":"2025-01-07T11:26:00","guid":{"rendered":"https:\/\/braidingknowledgescanada.ca\/?post_type=completed_project&#038;p=982"},"modified":"2026-02-18T15:48:48","modified_gmt":"2026-02-18T15:48:48","slug":"the-shutagotine-cultural-landscape-project","status":"publish","type":"completed_project","link":"https:\/\/braidingknowledgescanada.ca\/fr\/completed_project\/the-shutagotine-cultural-landscape-project\/","title":{"rendered":"Projet sur le paysage culturel de Sh\u00fatagot\u2019\u0131ne"},"content":{"rendered":"<div data-elementor-type=\"wp-post\" data-elementor-id=\"982\" class=\"elementor elementor-982\" data-elementor-post-type=\"completed_project\">\n\t\t\t\t<div class=\"elementor-element elementor-element-777d9da e-flex e-con-boxed e-con e-parent\" data-id=\"777d9da\" data-element_type=\"container\" data-e-type=\"container\" data-settings=\"{&quot;background_background&quot;:&quot;classic&quot;}\">\n\t\t\t\t\t<div class=\"e-con-inner\">\n\t\t<div class=\"elementor-element elementor-element-03011bd e-con-full e-flex e-con e-child\" data-id=\"03011bd\" data-element_type=\"container\" data-e-type=\"container\">\n\t\t\t\t<\/div>\n\t\t\t\t\t<\/div>\n\t\t\t\t<\/div>\n\t\t<div class=\"elementor-element elementor-element-29fd0f7 e-flex e-con-boxed e-con e-parent\" data-id=\"29fd0f7\" data-element_type=\"container\" data-e-type=\"container\" data-settings=\"{&quot;background_background&quot;:&quot;classic&quot;}\">\n\t\t\t\t\t<div class=\"e-con-inner\">\n\t\t<div class=\"elementor-element elementor-element-17aa0b1 e-con-full e-flex e-con e-child\" data-id=\"17aa0b1\" data-element_type=\"container\" data-e-type=\"container\">\n\t\t\t\t<div class=\"elementor-element elementor-element-a2248b4 elementor-widget elementor-widget-heading\" data-id=\"a2248b4\" data-element_type=\"widget\" data-e-type=\"widget\" data-widget_type=\"heading.default\">\n\t\t\t\t<div class=\"elementor-widget-container\">\n\t\t\t\t\t<h2 class=\"elementor-heading-title elementor-size-default\">Les travaux de recherche de ce p\u00f4le de connaissances sont maintenant termin\u00e9s!\n<\/h2>\t\t\t\t<\/div>\n\t\t\t\t<\/div>\n\t\t\t\t<div class=\"elementor-element elementor-element-02d0fb3 about-links elementor-widget elementor-widget-text-editor\" data-id=\"02d0fb3\" data-element_type=\"widget\" data-e-type=\"widget\" data-widget_type=\"text-editor.default\">\n\t\t\t\t<div class=\"elementor-widget-container\">\n\t\t\t\t\t\t\t\t\t<p><strong>Lisez le r\u00e9sum\u00e9 final \u00e0 propos de ce p\u00f4le de recherche ci-dessous <a href=\"\/wp-content\/uploads\/2025\/04\/project-summaries_29may2024_mackay.pdf\" target=\"_blank\" rel=\"noopener\">(cliquez pour ouvrir le PDF)<\/a><\/strong><\/p>\t\t\t\t\t\t\t\t<\/div>\n\t\t\t\t<\/div>\n\t\t\t\t<div class=\"elementor-element elementor-element-bd2a900 about-links elementor-widget elementor-widget-text-editor\" data-id=\"bd2a900\" data-element_type=\"widget\" data-e-type=\"widget\" data-widget_type=\"text-editor.default\">\n\t\t\t\t<div class=\"elementor-widget-container\">\n\t\t\t\t\t\t\t\t\t<p><strong> <a href=\"\/wp-content\/uploads\/2025\/04\/project-summaries_french_mackay.pdf\" target=\"_blank\" rel=\"noopener\">Version fran\u00e7aise disponible ici <\/a><\/strong><\/p>\t\t\t\t\t\t\t\t<\/div>\n\t\t\t\t<\/div>\n\t\t\t\t<div class=\"elementor-element elementor-element-1ae51ae elementor-widget elementor-widget-image\" data-id=\"1ae51ae\" data-element_type=\"widget\" data-e-type=\"widget\" data-widget_type=\"image.default\">\n\t\t\t\t<div class=\"elementor-widget-container\">\n\t\t\t\t\t\t\t\t\t\t\t\t\t\t\t<img fetchpriority=\"high\" decoding=\"async\" width=\"800\" height=\"527\" src=\"https:\/\/braidingknowledgescanada.ca\/wp-content\/uploads\/2025\/01\/mackay-project-1024x674.webp\" class=\"attachment-large size-large wp-image-984\" alt=\"\" srcset=\"https:\/\/braidingknowledgescanada.ca\/wp-content\/uploads\/2025\/01\/mackay-project-1024x674.webp 1024w, https:\/\/braidingknowledgescanada.ca\/wp-content\/uploads\/2025\/01\/mackay-project-300x198.webp 300w, https:\/\/braidingknowledgescanada.ca\/wp-content\/uploads\/2025\/01\/mackay-project-768x506.webp 768w, https:\/\/braidingknowledgescanada.ca\/wp-content\/uploads\/2025\/01\/mackay-project-1536x1012.webp 1536w, https:\/\/braidingknowledgescanada.ca\/wp-content\/uploads\/2025\/01\/mackay-project-2048x1349.webp 2048w, https:\/\/braidingknowledgescanada.ca\/wp-content\/uploads\/2025\/01\/mackay-project-18x12.webp 18w\" sizes=\"(max-width: 800px) 100vw, 800px\" \/>\t\t\t\t\t\t\t\t\t\t\t\t\t\t\t<\/div>\n\t\t\t\t<\/div>\n\t\t\t\t<\/div>\n\t\t<div class=\"elementor-element elementor-element-61b7e22 e-con-full e-flex e-con e-child\" data-id=\"61b7e22\" data-element_type=\"container\" data-e-type=\"container\">\n\t\t\t\t<div class=\"elementor-element elementor-element-d034bd4 elementor-widget elementor-widget-heading\" data-id=\"d034bd4\" data-element_type=\"widget\" data-e-type=\"widget\" data-widget_type=\"heading.default\">\n\t\t\t\t<div class=\"elementor-widget-container\">\n\t\t\t\t\t<h2 class=\"elementor-heading-title elementor-size-default\">Responsable de la recherche : Glen MacKay (gouvernement des Territoires du Nord-Ouest)\n\n<\/h2>\t\t\t\t<\/div>\n\t\t\t\t<\/div>\n\t\t<div class=\"elementor-element elementor-element-58fefd5 e-con-full e-flex e-con e-child\" data-id=\"58fefd5\" data-element_type=\"container\" data-e-type=\"container\">\n\t\t\t\t<div class=\"elementor-element elementor-element-f30987a elementor-widget elementor-widget-heading\" data-id=\"f30987a\" data-element_type=\"widget\" data-e-type=\"widget\" data-widget_type=\"heading.default\">\n\t\t\t\t<div class=\"elementor-widget-container\">\n\t\t\t\t\t<h2 class=\"elementor-heading-title elementor-size-default\">Les possibilit\u00e9s :<\/h2>\t\t\t\t<\/div>\n\t\t\t\t<\/div>\n\t\t\t\t<div class=\"elementor-element elementor-element-490ca96 about-links elementor-widget elementor-widget-text-editor\" data-id=\"490ca96\" data-element_type=\"widget\" data-e-type=\"widget\" data-widget_type=\"text-editor.default\">\n\t\t\t\t<div class=\"elementor-widget-container\">\n\t\t\t\t\t\t\t\t\tLes montagnes du nord du Canada sont des paysages culturels autochtones qui sont au c\u0153ur de l\u2019identit\u00e9 et de la vitalit\u00e9 culturelle des communaut\u00e9s autochtones. Les paysages de montagne subissent des pressions croissantes en raison des changements environnementaux et socio\u00e9conomiques rapides, et les communaut\u00e9s ainsi que les gestionnaires des ressources culturelles ont besoin d\u2019outils novateurs pour pr\u00e9server les lieux culturels et les connaissances traditionnelles li\u00e9s aux environnements de montagne.\t\t\t\t\t\t\t\t<\/div>\n\t\t\t\t<\/div>\n\t\t\t\t<\/div>\n\t\t<div class=\"elementor-element elementor-element-25d400f e-con-full e-flex e-con e-child\" data-id=\"25d400f\" data-element_type=\"container\" data-e-type=\"container\">\n\t\t\t\t<div class=\"elementor-element elementor-element-0ff9d51 elementor-widget elementor-widget-heading\" data-id=\"0ff9d51\" data-element_type=\"widget\" data-e-type=\"widget\" data-widget_type=\"heading.default\">\n\t\t\t\t<div class=\"elementor-widget-container\">\n\t\t\t\t\t<h2 class=\"elementor-heading-title elementor-size-default\">Objectifs :<\/h2>\t\t\t\t<\/div>\n\t\t\t\t<\/div>\n\t\t\t\t<div class=\"elementor-element elementor-element-916b4ae about-links elementor-widget elementor-widget-text-editor\" data-id=\"916b4ae\" data-element_type=\"widget\" data-e-type=\"widget\" data-widget_type=\"text-editor.default\">\n\t\t\t\t<div class=\"elementor-widget-container\">\n\t\t\t\t\t\t\t\t\tLe projet sur le paysage culturel de Sh\u00fatagot'\u0131ne vise \u00e0 promouvoir la conservation des valeurs culturelles des Sh\u00fatagot'\u0131ne (D\u00e9n\u00e9s de montagne) par la restauration des noms de lieux g\u00e9ographiques autochtones et la recherche arch\u00e9ologique sur les lieux culturels qui risquent d\u2019\u00eatre touch\u00e9s par le changement climatique. Les le\u00e7ons tir\u00e9es de ces efforts permettront d\u2019am\u00e9liorer les pratiques exemplaires lorsqu\u2019il s\u2019agit de pr\u00e9server efficacement le patrimoine culturel \u00e0 risque.\t\t\t\t\t\t\t\t<\/div>\n\t\t\t\t<\/div>\n\t\t\t\t<\/div>\n\t\t<div class=\"elementor-element elementor-element-f503965 e-con-full e-flex e-con e-child\" data-id=\"f503965\" data-element_type=\"container\" data-e-type=\"container\">\n\t\t\t\t<div class=\"elementor-element elementor-element-f603084 elementor-widget elementor-widget-heading\" data-id=\"f603084\" data-element_type=\"widget\" data-e-type=\"widget\" data-widget_type=\"heading.default\">\n\t\t\t\t<div class=\"elementor-widget-container\">\n\t\t\t\t\t<h2 class=\"elementor-heading-title elementor-size-default\">Plan de recherche :<\/h2>\t\t\t\t<\/div>\n\t\t\t\t<\/div>\n\t\t\t\t<div class=\"elementor-element elementor-element-c61145f about-links elementor-widget elementor-widget-text-editor\" data-id=\"c61145f\" data-element_type=\"widget\" data-e-type=\"widget\" data-widget_type=\"text-editor.default\">\n\t\t\t\t<div class=\"elementor-widget-container\">\n\t\t\t\t\t\t\t\t\tCe projet s\u2019appuie sur plus de douze ann\u00e9es de recherche collaborative portant sur l\u2019arch\u00e9ologie et les connaissances traditionnelles dans la partie centrale des monts Mackenzie. Les composantes de cette proposition refl\u00e8tent les priorit\u00e9s de recherche actuelles qui ont \u00e9merg\u00e9 de ces travaux. Nous avons compil\u00e9 les informations disponibles sur les toponymes du district de Tulita de la r\u00e9gion d\u00e9sign\u00e9e du Sahtu dans une base de donn\u00e9es num\u00e9rique, ce qui facilite l\u2019identification des lacunes dans les informations n\u00e9cessaires au processus d\u2019approbation et r\u00e9v\u00e8le les incoh\u00e9rences dans l\u2019orthographe et la traduction des noms apparaissant dans plusieurs ensembles de donn\u00e9es. Nous avons \u00e9galement produit des donn\u00e9es spatiales pour chaque nom, y compris des \u00e9bauches de d\u00e9limitation de chaque caract\u00e9ristique g\u00e9ographique. Nos recherches en arch\u00e9ologie et en savoir traditionnel compl\u00e8tent nos travaux sur la toponymie gr\u00e2ce \u00e0 l\u2019\u00e9tude de plusieurs lieux de chasse nomm\u00e9s sur Beg\u00e1de\u00e9 (rivi\u00e8re Keele) dans la zone centrale du paysage culturel Sh\u00fatagot'\u0131ne. Nous avons aussi dress\u00e9 un portrait exhaustif de l\u2019utilisation des terres de Sh\u00fatagot'\u0131ne dans cette r\u00e9gion en sondant les cl\u00f4tures en bois utilis\u00e9s pour abattre le gibier et les plaques de glace \u2014 des sites de chasse sp\u00e9cialis\u00e9s d\u2019une grande importance culturelle et aussi vuln\u00e9rables aux changements climatiques. \u00c0 l\u2019aide d\u2019un projet pilote r\u00e9cent, nous avons pu peaufiner une approche multidisciplinaire pour caract\u00e9riser les caract\u00e9ristiques des cl\u00f4tures, notamment en utilisant des analyses dendrochronologiques, de la cartographie rapide \u00e0 haute r\u00e9solution et des photographies a\u00e9riennes \u00e0 l\u2019aide de syst\u00e8mes a\u00e9riens sans pilote, ainsi que la documentation des sites arch\u00e9ologiques associ\u00e9s et des connaissances traditionnelles. Les plaques de glace alpine constituent des d\u00e9p\u00f4ts d\u2019artefacts arch\u00e9ologiques et de sp\u00e9cimens biologiques bien conserv\u00e9s, mais fondent rapidement en raison du r\u00e9chauffement des temp\u00e9ratures. Nous surveillons deux plaques de glace pr\u00e9c\u00e9demment identifi\u00e9es et collectons des artefacts fragiles \u00e0 des fins de conservation.\t\t\t\t\t\t\t\t<\/div>\n\t\t\t\t<\/div>\n\t\t\t\t<\/div>\n\t\t<div class=\"elementor-element elementor-element-abef76b e-con-full e-flex e-con e-child\" data-id=\"abef76b\" data-element_type=\"container\" data-e-type=\"container\">\n\t\t\t\t<div class=\"elementor-element elementor-element-e422646 elementor-widget elementor-widget-heading\" data-id=\"e422646\" data-element_type=\"widget\" data-e-type=\"widget\" data-widget_type=\"heading.default\">\n\t\t\t\t<div class=\"elementor-widget-container\">\n\t\t\t\t\t<h2 class=\"elementor-heading-title elementor-size-default\">Principaux r\u00e9sultats et impacts : <\/h2>\t\t\t\t<\/div>\n\t\t\t\t<\/div>\n\t\t\t\t<div class=\"elementor-element elementor-element-8dc3367 about-links elementor-widget elementor-widget-text-editor\" data-id=\"8dc3367\" data-element_type=\"widget\" data-e-type=\"widget\" data-widget_type=\"text-editor.default\">\n\t\t\t\t<div class=\"elementor-widget-container\">\n\t\t\t\t\t\t\t\t\tCette recherche a donn\u00e9 lieu \u00e0 une liste d\u00e9finitive des toponymes de Sh\u00fatagot'\u0131ne qui contient toute l\u2019information n\u00e9cessaire au processus d\u2019approbation officiel, ainsi que des cartes et des donn\u00e9es spatiales finales pour les d\u00e9limitations g\u00e9ographiques de chaque nom. Cette liste et les cartes connexes sont remises \u00e0 la communaut\u00e9 de Tulita afin de constituer la base de leur proposition de noms g\u00e9ographiques. L\u2019initiative favorise la conservation de lieux culturels importants de Sh\u00fatagot\u00e0'\u0131ne et enrichit notre compr\u00e9hension de l\u2019utilisation des terres et des ressources de Sh\u00fatagot\u2019\u0131ne au fil du temps.\t\t\t\t\t\t\t\t<\/div>\n\t\t\t\t<\/div>\n\t\t\t\t<div class=\"elementor-element elementor-element-db3d35b about-links elementor-widget elementor-widget-text-editor\" data-id=\"db3d35b\" data-element_type=\"widget\" data-e-type=\"widget\" data-widget_type=\"text-editor.default\">\n\t\t\t\t<div class=\"elementor-widget-container\">\n\t\t\t\t\t\t\t\t\t<p><strong>F\u00e9vrier 2020 :<a href=\"\/wp-content\/uploads\/2025\/04\/the-shutagot-ine-cultural-landscape-project.pdf\" target=\"_blank\" rel=\"noopener\"> Projet sur le paysage culturel de Sh\u00fatagot'\u0131ne (en anglais)<\/a><\/strong><\/p>\t\t\t\t\t\t\t\t<\/div>\n\t\t\t\t<\/div>\n\t\t\t\t<\/div>\n\t\t<div class=\"elementor-element elementor-element-07d513a e-con-full e-flex e-con e-child\" data-id=\"07d513a\" data-element_type=\"container\" data-e-type=\"container\">\n\t\t<div class=\"elementor-element elementor-element-4f426a8 e-con-full e-flex e-con e-child\" data-id=\"4f426a8\" data-element_type=\"container\" data-e-type=\"container\">\n\t\t\t\t<div class=\"elementor-element elementor-element-0fa3799 elementor-widget elementor-widget-heading\" data-id=\"0fa3799\" data-element_type=\"widget\" data-e-type=\"widget\" data-widget_type=\"heading.default\">\n\t\t\t\t<div class=\"elementor-widget-container\">\n\t\t\t\t\t<h2 class=\"elementor-heading-title elementor-size-default\">Autres membres de l\u2019\u00e9quipe :\n<\/h2>\t\t\t\t<\/div>\n\t\t\t\t<\/div>\n\t\t<div class=\"elementor-element elementor-element-779be34 e-con-full e-flex e-con e-child\" data-id=\"779be34\" data-element_type=\"container\" data-e-type=\"container\">\n\t\t<div class=\"elementor-element elementor-element-aeddf3a e-con-full e-flex e-con e-child\" data-id=\"aeddf3a\" data-element_type=\"container\" data-e-type=\"container\">\n\t\t\t\t<div class=\"elementor-element elementor-element-103aa0c staff-items elementor-cta--skin-classic elementor-animated-content elementor-bg-transform elementor-bg-transform-zoom-in elementor-widget elementor-widget-call-to-action\" data-id=\"103aa0c\" data-element_type=\"widget\" data-e-type=\"widget\" data-widget_type=\"call-to-action.default\">\n\t\t\t\t<div class=\"elementor-widget-container\">\n\t\t\t\t\t\t\t<div class=\"elementor-cta\">\n\t\t\t\t\t\t\t<div class=\"elementor-cta__content\">\n\t\t\t\t\t\t\t\t\t<div class=\"elementor-content-item elementor-cta__content-item elementor-cta__image\">\n\t\t\t\t\t\t<img decoding=\"async\" width=\"472\" height=\"472\" src=\"https:\/\/braidingknowledgescanada.ca\/wp-content\/uploads\/2024\/12\/jade-roberts-image.jpg\" class=\"attachment-full size-full wp-image-380\" alt=\"\" srcset=\"https:\/\/braidingknowledgescanada.ca\/wp-content\/uploads\/2024\/12\/jade-roberts-image.jpg 472w, https:\/\/braidingknowledgescanada.ca\/wp-content\/uploads\/2024\/12\/jade-roberts-image-300x300.jpg 300w, https:\/\/braidingknowledgescanada.ca\/wp-content\/uploads\/2024\/12\/jade-roberts-image-150x150.jpg 150w, https:\/\/braidingknowledgescanada.ca\/wp-content\/uploads\/2024\/12\/jade-roberts-image-12x12.jpg 12w, https:\/\/braidingknowledgescanada.ca\/wp-content\/uploads\/2024\/12\/jade-roberts-image-400x400.jpg 400w\" sizes=\"(max-width: 472px) 100vw, 472px\" \/>\t\t\t\t\t<\/div>\n\t\t\t\t\n\t\t\t\t\t\t\t\t\t<h3 class=\"elementor-cta__title elementor-cta__content-item elementor-content-item\">\n\t\t\t\t\t\tLeon Andrew\t\t\t\t\t<\/h3>\n\t\t\t\t\n\t\t\t\t\t\t\t\t\t<div class=\"elementor-cta__description elementor-cta__content-item elementor-content-item\">\n\t\t\t\t\t\t(Bande des D\u00e9n\u00e9s de Tulita)\t\t\t\t\t<\/div>\n\t\t\t\t\n\t\t\t\t\t\t\t<\/div>\n\t\t\t\t\t\t<\/div>\n\t\t\t\t\t\t<\/div>\n\t\t\t\t<\/div>\n\t\t\t\t<\/div>\n\t\t<div class=\"elementor-element elementor-element-2e22b64 e-con-full e-flex e-con e-child\" data-id=\"2e22b64\" data-element_type=\"container\" data-e-type=\"container\">\n\t\t\t\t<div class=\"elementor-element elementor-element-c33db68 staff-items elementor-cta--skin-classic elementor-animated-content elementor-bg-transform elementor-bg-transform-zoom-in elementor-widget elementor-widget-call-to-action\" data-id=\"c33db68\" data-element_type=\"widget\" data-e-type=\"widget\" data-widget_type=\"call-to-action.default\">\n\t\t\t\t<div class=\"elementor-widget-container\">\n\t\t\t\t\t\t\t<div class=\"elementor-cta\">\n\t\t\t\t\t\t\t<div class=\"elementor-cta__content\">\n\t\t\t\t\t\t\t\t\t<div class=\"elementor-content-item elementor-cta__content-item elementor-cta__image\">\n\t\t\t\t\t\t<img decoding=\"async\" width=\"472\" height=\"472\" src=\"https:\/\/braidingknowledgescanada.ca\/wp-content\/uploads\/2024\/12\/jade-roberts-image.jpg\" class=\"attachment-full size-full wp-image-380\" alt=\"\" srcset=\"https:\/\/braidingknowledgescanada.ca\/wp-content\/uploads\/2024\/12\/jade-roberts-image.jpg 472w, https:\/\/braidingknowledgescanada.ca\/wp-content\/uploads\/2024\/12\/jade-roberts-image-300x300.jpg 300w, https:\/\/braidingknowledgescanada.ca\/wp-content\/uploads\/2024\/12\/jade-roberts-image-150x150.jpg 150w, https:\/\/braidingknowledgescanada.ca\/wp-content\/uploads\/2024\/12\/jade-roberts-image-12x12.jpg 12w, https:\/\/braidingknowledgescanada.ca\/wp-content\/uploads\/2024\/12\/jade-roberts-image-400x400.jpg 400w\" sizes=\"(max-width: 472px) 100vw, 472px\" \/>\t\t\t\t\t<\/div>\n\t\t\t\t\n\t\t\t\t\t\t\t\t\t<h3 class=\"elementor-cta__title elementor-cta__content-item elementor-content-item\">\n\t\t\t\t\t\tColin Laroque\t\t\t\t\t<\/h3>\n\t\t\t\t\n\t\t\t\t\t\t\t\t\t<div class=\"elementor-cta__description elementor-cta__content-item elementor-content-item\">\n\t\t\t\t\t\t(Universit\u00e9 de Saskatchewan)\t\t\t\t\t<\/div>\n\t\t\t\t\n\t\t\t\t\t\t\t<\/div>\n\t\t\t\t\t\t<\/div>\n\t\t\t\t\t\t<\/div>\n\t\t\t\t<\/div>\n\t\t\t\t<\/div>\n\t\t<div class=\"elementor-element elementor-element-a22fd72 e-con-full e-flex e-con e-child\" data-id=\"a22fd72\" data-element_type=\"container\" data-e-type=\"container\">\n\t\t\t\t<div class=\"elementor-element elementor-element-13e5794 staff-items elementor-cta--skin-classic elementor-animated-content elementor-bg-transform elementor-bg-transform-zoom-in elementor-widget elementor-widget-call-to-action\" data-id=\"13e5794\" data-element_type=\"widget\" data-e-type=\"widget\" data-widget_type=\"call-to-action.default\">\n\t\t\t\t<div class=\"elementor-widget-container\">\n\t\t\t\t\t\t\t<div class=\"elementor-cta\">\n\t\t\t\t\t\t\t<div class=\"elementor-cta__content\">\n\t\t\t\t\t\t\t\t\t<div class=\"elementor-content-item elementor-cta__content-item elementor-cta__image\">\n\t\t\t\t\t\t<img decoding=\"async\" width=\"472\" height=\"472\" src=\"https:\/\/braidingknowledgescanada.ca\/wp-content\/uploads\/2024\/12\/jade-roberts-image.jpg\" class=\"attachment-full size-full wp-image-380\" alt=\"\" srcset=\"https:\/\/braidingknowledgescanada.ca\/wp-content\/uploads\/2024\/12\/jade-roberts-image.jpg 472w, https:\/\/braidingknowledgescanada.ca\/wp-content\/uploads\/2024\/12\/jade-roberts-image-300x300.jpg 300w, https:\/\/braidingknowledgescanada.ca\/wp-content\/uploads\/2024\/12\/jade-roberts-image-150x150.jpg 150w, https:\/\/braidingknowledgescanada.ca\/wp-content\/uploads\/2024\/12\/jade-roberts-image-12x12.jpg 12w, https:\/\/braidingknowledgescanada.ca\/wp-content\/uploads\/2024\/12\/jade-roberts-image-400x400.jpg 400w\" sizes=\"(max-width: 472px) 100vw, 472px\" \/>\t\t\t\t\t<\/div>\n\t\t\t\t\n\t\t\t\t\t\t\t\t\t<h3 class=\"elementor-cta__title elementor-cta__content-item elementor-content-item\">\n\t\t\t\t\t\tJackson McDermott\t\t\t\t\t<\/h3>\n\t\t\t\t\n\t\t\t\t\t\t\t\t\t<div class=\"elementor-cta__description elementor-cta__content-item elementor-content-item\">\n\t\t\t\t\t\t(Gouvernement des Territoires du Nord-Ouest)\t\t\t\t\t<\/div>\n\t\t\t\t\n\t\t\t\t\t\t\t<\/div>\n\t\t\t\t\t\t<\/div>\n\t\t\t\t\t\t<\/div>\n\t\t\t\t<\/div>\n\t\t\t\t<\/div>\n\t\t\t\t<\/div>\n\t\t<div class=\"elementor-element elementor-element-5b8d458 e-con-full e-flex e-con e-child\" data-id=\"5b8d458\" data-element_type=\"container\" data-e-type=\"container\">\n\t\t<div class=\"elementor-element elementor-element-dac3345 e-con-full e-flex e-con e-child\" data-id=\"dac3345\" data-element_type=\"container\" data-e-type=\"container\">\n\t\t\t\t<div class=\"elementor-element elementor-element-c3abef4 staff-items elementor-cta--skin-classic elementor-animated-content elementor-bg-transform elementor-bg-transform-zoom-in elementor-widget elementor-widget-call-to-action\" data-id=\"c3abef4\" data-element_type=\"widget\" data-e-type=\"widget\" data-widget_type=\"call-to-action.default\">\n\t\t\t\t<div class=\"elementor-widget-container\">\n\t\t\t\t\t\t\t<div class=\"elementor-cta\">\n\t\t\t\t\t\t\t<div class=\"elementor-cta__content\">\n\t\t\t\t\t\t\t\t\t<div class=\"elementor-content-item elementor-cta__content-item elementor-cta__image\">\n\t\t\t\t\t\t<img decoding=\"async\" width=\"472\" height=\"472\" src=\"https:\/\/braidingknowledgescanada.ca\/wp-content\/uploads\/2024\/12\/jade-roberts-image.jpg\" class=\"attachment-full size-full wp-image-380\" alt=\"\" srcset=\"https:\/\/braidingknowledgescanada.ca\/wp-content\/uploads\/2024\/12\/jade-roberts-image.jpg 472w, https:\/\/braidingknowledgescanada.ca\/wp-content\/uploads\/2024\/12\/jade-roberts-image-300x300.jpg 300w, https:\/\/braidingknowledgescanada.ca\/wp-content\/uploads\/2024\/12\/jade-roberts-image-150x150.jpg 150w, https:\/\/braidingknowledgescanada.ca\/wp-content\/uploads\/2024\/12\/jade-roberts-image-12x12.jpg 12w, https:\/\/braidingknowledgescanada.ca\/wp-content\/uploads\/2024\/12\/jade-roberts-image-400x400.jpg 400w\" sizes=\"(max-width: 472px) 100vw, 472px\" \/>\t\t\t\t\t<\/div>\n\t\t\t\t\n\t\t\t\t\t\t\t\t\t<h3 class=\"elementor-cta__title elementor-cta__content-item elementor-content-item\">\n\t\t\t\t\t\tJulie Buysse\t\t\t\t\t<\/h3>\n\t\t\t\t\n\t\t\t\t\t\t\t\t\t<div class=\"elementor-cta__description elementor-cta__content-item elementor-content-item\">\n\t\t\t\t\t\t(Gouvernement des Territoires du Nord-Ouest)\t\t\t\t\t<\/div>\n\t\t\t\t\n\t\t\t\t\t\t\t<\/div>\n\t\t\t\t\t\t<\/div>\n\t\t\t\t\t\t<\/div>\n\t\t\t\t<\/div>\n\t\t\t\t<\/div>\n\t\t<div class=\"elementor-element elementor-element-b8875e9 e-con-full e-flex e-con e-child\" data-id=\"b8875e9\" data-element_type=\"container\" data-e-type=\"container\">\n\t\t\t\t<div class=\"elementor-element elementor-element-564bdbb staff-items elementor-cta--skin-classic elementor-animated-content elementor-bg-transform elementor-bg-transform-zoom-in elementor-widget elementor-widget-call-to-action\" data-id=\"564bdbb\" data-element_type=\"widget\" data-e-type=\"widget\" data-widget_type=\"call-to-action.default\">\n\t\t\t\t<div class=\"elementor-widget-container\">\n\t\t\t\t\t\t\t<div class=\"elementor-cta\">\n\t\t\t\t\t\t\t<div class=\"elementor-cta__content\">\n\t\t\t\t\t\t\t\t\t<div class=\"elementor-content-item elementor-cta__content-item elementor-cta__image\">\n\t\t\t\t\t\t<img decoding=\"async\" width=\"472\" height=\"472\" src=\"https:\/\/braidingknowledgescanada.ca\/wp-content\/uploads\/2024\/12\/jade-roberts-image.jpg\" class=\"attachment-full size-full wp-image-380\" alt=\"\" srcset=\"https:\/\/braidingknowledgescanada.ca\/wp-content\/uploads\/2024\/12\/jade-roberts-image.jpg 472w, https:\/\/braidingknowledgescanada.ca\/wp-content\/uploads\/2024\/12\/jade-roberts-image-300x300.jpg 300w, https:\/\/braidingknowledgescanada.ca\/wp-content\/uploads\/2024\/12\/jade-roberts-image-150x150.jpg 150w, https:\/\/braidingknowledgescanada.ca\/wp-content\/uploads\/2024\/12\/jade-roberts-image-12x12.jpg 12w, https:\/\/braidingknowledgescanada.ca\/wp-content\/uploads\/2024\/12\/jade-roberts-image-400x400.jpg 400w\" sizes=\"(max-width: 472px) 100vw, 472px\" \/>\t\t\t\t\t<\/div>\n\t\t\t\t\n\t\t\t\t\t\t\t\t\t<h3 class=\"elementor-cta__title elementor-cta__content-item elementor-content-item\">\n\t\t\t\t\t\tJurjen van der Sluijs\t\t\t\t\t<\/h3>\n\t\t\t\t\n\t\t\t\t\t\t\t\t\t<div class=\"elementor-cta__description elementor-cta__content-item elementor-content-item\">\n\t\t\t\t\t\t(Gouvernement des Territoires du Nord-Ouest)\t\t\t\t\t<\/div>\n\t\t\t\t\n\t\t\t\t\t\t\t<\/div>\n\t\t\t\t\t\t<\/div>\n\t\t\t\t\t\t<\/div>\n\t\t\t\t<\/div>\n\t\t\t\t<\/div>\n\t\t<div class=\"elementor-element elementor-element-86482cc e-con-full e-flex e-con e-child\" data-id=\"86482cc\" data-element_type=\"container\" data-e-type=\"container\">\n\t\t\t\t<div class=\"elementor-element elementor-element-4ee503b staff-items elementor-cta--skin-classic elementor-animated-content elementor-bg-transform elementor-bg-transform-zoom-in elementor-widget elementor-widget-call-to-action\" data-id=\"4ee503b\" data-element_type=\"widget\" data-e-type=\"widget\" data-widget_type=\"call-to-action.default\">\n\t\t\t\t<div class=\"elementor-widget-container\">\n\t\t\t\t\t\t\t<div class=\"elementor-cta\">\n\t\t\t\t\t\t\t<div class=\"elementor-cta__content\">\n\t\t\t\t\t\t\t\t\t<div class=\"elementor-content-item elementor-cta__content-item elementor-cta__image\">\n\t\t\t\t\t\t<img decoding=\"async\" width=\"472\" height=\"472\" src=\"https:\/\/braidingknowledgescanada.ca\/wp-content\/uploads\/2024\/12\/jade-roberts-image.jpg\" class=\"attachment-full size-full wp-image-380\" alt=\"\" srcset=\"https:\/\/braidingknowledgescanada.ca\/wp-content\/uploads\/2024\/12\/jade-roberts-image.jpg 472w, https:\/\/braidingknowledgescanada.ca\/wp-content\/uploads\/2024\/12\/jade-roberts-image-300x300.jpg 300w, https:\/\/braidingknowledgescanada.ca\/wp-content\/uploads\/2024\/12\/jade-roberts-image-150x150.jpg 150w, https:\/\/braidingknowledgescanada.ca\/wp-content\/uploads\/2024\/12\/jade-roberts-image-12x12.jpg 12w, https:\/\/braidingknowledgescanada.ca\/wp-content\/uploads\/2024\/12\/jade-roberts-image-400x400.jpg 400w\" sizes=\"(max-width: 472px) 100vw, 472px\" \/>\t\t\t\t\t<\/div>\n\t\t\t\t\n\t\t\t\t\t\t\t\t\t<h3 class=\"elementor-cta__title elementor-cta__content-item elementor-content-item\">\n\t\t\t\t\t\tNaomi Smethurst\t\t\t\t\t<\/h3>\n\t\t\t\t\n\t\t\t\t\t\t\t\t\t<div class=\"elementor-cta__description elementor-cta__content-item elementor-content-item\">\n\t\t\t\t\t\t(Gouvernement des Territoires du Nord-Ouest)\t\t\t\t\t<\/div>\n\t\t\t\t\n\t\t\t\t\t\t\t<\/div>\n\t\t\t\t\t\t<\/div>\n\t\t\t\t\t\t<\/div>\n\t\t\t\t<\/div>\n\t\t\t\t<\/div>\n\t\t\t\t<\/div>\n\t\t<div class=\"elementor-element elementor-element-f70d91f e-con-full e-flex e-con e-child\" data-id=\"f70d91f\" data-element_type=\"container\" data-e-type=\"container\">\n\t\t\t\t<div class=\"elementor-element elementor-element-731aaf7 elementor-widget elementor-widget-image\" data-id=\"731aaf7\" data-element_type=\"widget\" data-e-type=\"widget\" data-widget_type=\"image.default\">\n\t\t\t\t<div class=\"elementor-widget-container\">\n\t\t\t\t\t\t\t\t\t\t\t\t\t\t\t<img decoding=\"async\" width=\"768\" height=\"510\" src=\"https:\/\/braidingknowledgescanada.ca\/wp-content\/uploads\/2025\/01\/caribou_fence-768x510-1.webp\" class=\"attachment-large size-large wp-image-988\" alt=\"\" srcset=\"https:\/\/braidingknowledgescanada.ca\/wp-content\/uploads\/2025\/01\/caribou_fence-768x510-1.webp 768w, https:\/\/braidingknowledgescanada.ca\/wp-content\/uploads\/2025\/01\/caribou_fence-768x510-1-300x199.webp 300w, https:\/\/braidingknowledgescanada.ca\/wp-content\/uploads\/2025\/01\/caribou_fence-768x510-1-18x12.webp 18w\" sizes=\"(max-width: 768px) 100vw, 768px\" \/>\t\t\t\t\t\t\t\t\t\t\t\t\t\t\t<\/div>\n\t\t\t\t<\/div>\n\t\t\t\t<div class=\"elementor-element elementor-element-759f82c elementor-widget elementor-widget-image\" data-id=\"759f82c\" data-element_type=\"widget\" data-e-type=\"widget\" data-widget_type=\"image.default\">\n\t\t\t\t<div class=\"elementor-widget-container\">\n\t\t\t\t\t\t\t\t\t\t\t\t\t\t\t<img loading=\"lazy\" decoding=\"async\" width=\"800\" height=\"534\" src=\"https:\/\/braidingknowledgescanada.ca\/wp-content\/uploads\/2025\/01\/kfte-1_2019-1536x1024-1-1024x683.webp\" class=\"attachment-large size-large wp-image-987\" alt=\"\" srcset=\"https:\/\/braidingknowledgescanada.ca\/wp-content\/uploads\/2025\/01\/kfte-1_2019-1536x1024-1-1024x683.webp 1024w, https:\/\/braidingknowledgescanada.ca\/wp-content\/uploads\/2025\/01\/kfte-1_2019-1536x1024-1-300x200.webp 300w, https:\/\/braidingknowledgescanada.ca\/wp-content\/uploads\/2025\/01\/kfte-1_2019-1536x1024-1-768x512.webp 768w, https:\/\/braidingknowledgescanada.ca\/wp-content\/uploads\/2025\/01\/kfte-1_2019-1536x1024-1-18x12.webp 18w, https:\/\/braidingknowledgescanada.ca\/wp-content\/uploads\/2025\/01\/kfte-1_2019-1536x1024-1.webp 1536w\" sizes=\"(max-width: 800px) 100vw, 800px\" \/>\t\t\t\t\t\t\t\t\t\t\t\t\t\t\t<\/div>\n\t\t\t\t<\/div>\n\t\t\t\t<div class=\"elementor-element elementor-element-fda4fb6 elementor-widget elementor-widget-image\" data-id=\"fda4fb6\" data-element_type=\"widget\" data-e-type=\"widget\" data-widget_type=\"image.default\">\n\t\t\t\t<div class=\"elementor-widget-container\">\n\t\t\t\t\t\t\t\t\t\t\t\t\t\t\t<img loading=\"lazy\" decoding=\"async\" width=\"800\" height=\"532\" src=\"https:\/\/braidingknowledgescanada.ca\/wp-content\/uploads\/2025\/01\/kfte-1_2007-1536x1021-1-1024x681.webp\" class=\"attachment-large size-large wp-image-986\" alt=\"\" srcset=\"https:\/\/braidingknowledgescanada.ca\/wp-content\/uploads\/2025\/01\/kfte-1_2007-1536x1021-1-1024x681.webp 1024w, https:\/\/braidingknowledgescanada.ca\/wp-content\/uploads\/2025\/01\/kfte-1_2007-1536x1021-1-300x199.webp 300w, https:\/\/braidingknowledgescanada.ca\/wp-content\/uploads\/2025\/01\/kfte-1_2007-1536x1021-1-768x511.webp 768w, https:\/\/braidingknowledgescanada.ca\/wp-content\/uploads\/2025\/01\/kfte-1_2007-1536x1021-1-18x12.webp 18w, https:\/\/braidingknowledgescanada.ca\/wp-content\/uploads\/2025\/01\/kfte-1_2007-1536x1021-1.webp 1536w\" sizes=\"(max-width: 800px) 100vw, 800px\" \/>\t\t\t\t\t\t\t\t\t\t\t\t\t\t\t<\/div>\n\t\t\t\t<\/div>\n\t\t\t\t<\/div>\n\t\t\t\t<\/div>\n\t\t\t\t<\/div>\n\t\t\t\t<\/div>\n\t\t\t\t\t<\/div>\n\t\t\t\t<\/div>\n\t\t\t\t<\/div>","protected":false},"excerpt":{"rendered":"<p>This Knowledge Hub is now complete! Read the final Knowledge Hub summary below (click to open the PDF) Version fran\u00e7aise disponible ici Principal Investigator: Glen MacKay (Government of Northwest Territories) Opportunity: The mountains in Canada\u2019s North are Indigenous cultural landscapes central to the identity and cultural vitality of Indigenous communities. Mountain landscapes are under increasing [&hellip;]<\/p>\n","protected":false},"author":1,"featured_media":983,"template":"elementor_header_footer","meta":{"content-type":"","inline_featured_image":false,"footnotes":""},"class_list":["post-982","completed_project","type-completed_project","status-publish","has-post-thumbnail","hentry"],"yoast_head":"<!-- This site is optimized with the Yoast SEO plugin v27.4 - https:\/\/yoast.com\/product\/yoast-seo-wordpress\/ -->\n<title>The Sh\u00fatagot\u2019\u0131ne Cultural Landscape Project - Braiding Knowledges Canada<\/title>\n<meta name=\"robots\" content=\"index, follow, max-snippet:-1, max-image-preview:large, max-video-preview:-1\" \/>\n<link rel=\"canonical\" href=\"https:\/\/braidingknowledgescanada.ca\/fr\/completed_project\/the-shutagotine-cultural-landscape-project\/\" \/>\n<meta property=\"og:locale\" content=\"fr_FR\" \/>\n<meta property=\"og:type\" content=\"article\" \/>\n<meta property=\"og:title\" content=\"The Sh\u00fatagot\u2019\u0131ne Cultural Landscape Project - Braiding Knowledges Canada\" \/>\n<meta property=\"og:description\" content=\"This Knowledge Hub is now complete! Read the final Knowledge Hub summary below (click to open the PDF) Version fran\u00e7aise disponible ici Principal Investigator: Glen MacKay (Government of Northwest Territories) Opportunity: The mountains in Canada\u2019s North are Indigenous cultural landscapes central to the identity and cultural vitality of Indigenous communities. Mountain landscapes are under increasing [&hellip;]\" \/>\n<meta property=\"og:url\" content=\"https:\/\/braidingknowledgescanada.ca\/fr\/completed_project\/the-shutagotine-cultural-landscape-project\/\" \/>\n<meta property=\"og:site_name\" content=\"Braiding Knowledges Canada\" \/>\n<meta property=\"article:publisher\" content=\"https:\/\/www.facebook.com\/braidingknowledges\/\" \/>\n<meta property=\"article:modified_time\" content=\"2026-02-18T15:48:48+00:00\" \/>\n<meta property=\"og:image\" content=\"https:\/\/braidingknowledgescanada.ca\/wp-content\/uploads\/2025\/01\/research-project-banners14.webp\" \/>\n\t<meta property=\"og:image:width\" content=\"1920\" \/>\n\t<meta property=\"og:image:height\" content=\"400\" \/>\n\t<meta property=\"og:image:type\" content=\"image\/webp\" \/>\n<meta name=\"twitter:card\" content=\"summary_large_image\" \/>\n<meta name=\"twitter:site\" content=\"@braidingknowldg\" \/>\n<meta name=\"twitter:label1\" content=\"Est. reading time\" \/>\n\t<meta name=\"twitter:data1\" content=\"5 minutes\" \/>\n<script type=\"application\/ld+json\" class=\"yoast-schema-graph\">{\"@context\":\"https:\\\/\\\/schema.org\",\"@graph\":[{\"@type\":\"WebPage\",\"@id\":\"https:\\\/\\\/braidingknowledgescanada.ca\\\/en\\\/completed_project\\\/the-shutagotine-cultural-landscape-project\\\/\",\"url\":\"https:\\\/\\\/braidingknowledgescanada.ca\\\/en\\\/completed_project\\\/the-shutagotine-cultural-landscape-project\\\/\",\"name\":\"The Sh\u00fatagot\u2019\u0131ne Cultural Landscape Project - Braiding Knowledges Canada\",\"isPartOf\":{\"@id\":\"https:\\\/\\\/braidingknowledgescanada.ca\\\/#website\"},\"primaryImageOfPage\":{\"@id\":\"https:\\\/\\\/braidingknowledgescanada.ca\\\/en\\\/completed_project\\\/the-shutagotine-cultural-landscape-project\\\/#primaryimage\"},\"image\":{\"@id\":\"https:\\\/\\\/braidingknowledgescanada.ca\\\/en\\\/completed_project\\\/the-shutagotine-cultural-landscape-project\\\/#primaryimage\"},\"thumbnailUrl\":\"https:\\\/\\\/braidingknowledgescanada.ca\\\/wp-content\\\/uploads\\\/2025\\\/01\\\/research-project-banners14.webp\",\"datePublished\":\"2025-01-07T11:26:00+00:00\",\"dateModified\":\"2026-02-18T15:48:48+00:00\",\"breadcrumb\":{\"@id\":\"https:\\\/\\\/braidingknowledgescanada.ca\\\/en\\\/completed_project\\\/the-shutagotine-cultural-landscape-project\\\/#breadcrumb\"},\"inLanguage\":\"fr-FR\",\"potentialAction\":[{\"@type\":\"ReadAction\",\"target\":[\"https:\\\/\\\/braidingknowledgescanada.ca\\\/en\\\/completed_project\\\/the-shutagotine-cultural-landscape-project\\\/\"]}]},{\"@type\":\"ImageObject\",\"inLanguage\":\"fr-FR\",\"@id\":\"https:\\\/\\\/braidingknowledgescanada.ca\\\/en\\\/completed_project\\\/the-shutagotine-cultural-landscape-project\\\/#primaryimage\",\"url\":\"https:\\\/\\\/braidingknowledgescanada.ca\\\/wp-content\\\/uploads\\\/2025\\\/01\\\/research-project-banners14.webp\",\"contentUrl\":\"https:\\\/\\\/braidingknowledgescanada.ca\\\/wp-content\\\/uploads\\\/2025\\\/01\\\/research-project-banners14.webp\",\"width\":1920,\"height\":400},{\"@type\":\"BreadcrumbList\",\"@id\":\"https:\\\/\\\/braidingknowledgescanada.ca\\\/en\\\/completed_project\\\/the-shutagotine-cultural-landscape-project\\\/#breadcrumb\",\"itemListElement\":[{\"@type\":\"ListItem\",\"position\":1,\"name\":\"Home\",\"item\":\"https:\\\/\\\/braidingknowledgescanada.ca\\\/\"},{\"@type\":\"ListItem\",\"position\":2,\"name\":\"The Sh\u00fatagot\u2019\u0131ne Cultural Landscape Project\"}]},{\"@type\":\"WebSite\",\"@id\":\"https:\\\/\\\/braidingknowledgescanada.ca\\\/#website\",\"url\":\"https:\\\/\\\/braidingknowledgescanada.ca\\\/\",\"name\":\"Braiding Knowledges Canada\",\"description\":\"Formerly the Canadian Mountain Network\",\"publisher\":{\"@id\":\"https:\\\/\\\/braidingknowledgescanada.ca\\\/#organization\"},\"potentialAction\":[{\"@type\":\"SearchAction\",\"target\":{\"@type\":\"EntryPoint\",\"urlTemplate\":\"https:\\\/\\\/braidingknowledgescanada.ca\\\/?s={search_term_string}\"},\"query-input\":{\"@type\":\"PropertyValueSpecification\",\"valueRequired\":true,\"valueName\":\"search_term_string\"}}],\"inLanguage\":\"fr-FR\"},{\"@type\":\"Organization\",\"@id\":\"https:\\\/\\\/braidingknowledgescanada.ca\\\/#organization\",\"name\":\"Braiding Knowledges Canada\",\"url\":\"https:\\\/\\\/braidingknowledgescanada.ca\\\/\",\"logo\":{\"@type\":\"ImageObject\",\"inLanguage\":\"fr-FR\",\"@id\":\"https:\\\/\\\/braidingknowledgescanada.ca\\\/#\\\/schema\\\/logo\\\/image\\\/\",\"url\":\"https:\\\/\\\/braidingknowledgescanada.ca\\\/wp-content\\\/uploads\\\/2024\\\/06\\\/Main-Logo.png\",\"contentUrl\":\"https:\\\/\\\/braidingknowledgescanada.ca\\\/wp-content\\\/uploads\\\/2024\\\/06\\\/Main-Logo.png\",\"width\":545,\"height\":184,\"caption\":\"Braiding Knowledges Canada\"},\"image\":{\"@id\":\"https:\\\/\\\/braidingknowledgescanada.ca\\\/#\\\/schema\\\/logo\\\/image\\\/\"},\"sameAs\":[\"https:\\\/\\\/www.facebook.com\\\/braidingknowledges\\\/\",\"https:\\\/\\\/x.com\\\/braidingknowldg\",\"https:\\\/\\\/www.instagram.com\\\/BraidingKnowledges\\\/\",\"https:\\\/\\\/www.youtube.com\\\/@BraidingKnowledges\"]}]}<\/script>\n<!-- \/ Yoast SEO plugin. -->","yoast_head_json":{"title":"The Sh\u00fatagot\u2019\u0131ne Cultural Landscape Project - Braiding Knowledges Canada","robots":{"index":"index","follow":"follow","max-snippet":"max-snippet:-1","max-image-preview":"max-image-preview:large","max-video-preview":"max-video-preview:-1"},"canonical":"https:\/\/braidingknowledgescanada.ca\/fr\/completed_project\/the-shutagotine-cultural-landscape-project\/","og_locale":"fr_FR","og_type":"article","og_title":"The Sh\u00fatagot\u2019\u0131ne Cultural Landscape Project - Braiding Knowledges Canada","og_description":"This Knowledge Hub is now complete! Read the final Knowledge Hub summary below (click to open the PDF) Version fran\u00e7aise disponible ici Principal Investigator: Glen MacKay (Government of Northwest Territories) Opportunity: The mountains in Canada\u2019s North are Indigenous cultural landscapes central to the identity and cultural vitality of Indigenous communities. Mountain landscapes are under increasing [&hellip;]","og_url":"https:\/\/braidingknowledgescanada.ca\/fr\/completed_project\/the-shutagotine-cultural-landscape-project\/","og_site_name":"Braiding Knowledges Canada","article_publisher":"https:\/\/www.facebook.com\/braidingknowledges\/","article_modified_time":"2026-02-18T15:48:48+00:00","og_image":[{"width":1920,"height":400,"url":"https:\/\/braidingknowledgescanada.ca\/wp-content\/uploads\/2025\/01\/research-project-banners14.webp","type":"image\/webp"}],"twitter_card":"summary_large_image","twitter_site":"@braidingknowldg","twitter_misc":{"Est. reading time":"5 minutes"},"schema":{"@context":"https:\/\/schema.org","@graph":[{"@type":"WebPage","@id":"https:\/\/braidingknowledgescanada.ca\/en\/completed_project\/the-shutagotine-cultural-landscape-project\/","url":"https:\/\/braidingknowledgescanada.ca\/en\/completed_project\/the-shutagotine-cultural-landscape-project\/","name":"The Sh\u00fatagot\u2019\u0131ne Cultural Landscape Project - Braiding Knowledges Canada","isPartOf":{"@id":"https:\/\/braidingknowledgescanada.ca\/#website"},"primaryImageOfPage":{"@id":"https:\/\/braidingknowledgescanada.ca\/en\/completed_project\/the-shutagotine-cultural-landscape-project\/#primaryimage"},"image":{"@id":"https:\/\/braidingknowledgescanada.ca\/en\/completed_project\/the-shutagotine-cultural-landscape-project\/#primaryimage"},"thumbnailUrl":"https:\/\/braidingknowledgescanada.ca\/wp-content\/uploads\/2025\/01\/research-project-banners14.webp","datePublished":"2025-01-07T11:26:00+00:00","dateModified":"2026-02-18T15:48:48+00:00","breadcrumb":{"@id":"https:\/\/braidingknowledgescanada.ca\/en\/completed_project\/the-shutagotine-cultural-landscape-project\/#breadcrumb"},"inLanguage":"fr-FR","potentialAction":[{"@type":"ReadAction","target":["https:\/\/braidingknowledgescanada.ca\/en\/completed_project\/the-shutagotine-cultural-landscape-project\/"]}]},{"@type":"ImageObject","inLanguage":"fr-FR","@id":"https:\/\/braidingknowledgescanada.ca\/en\/completed_project\/the-shutagotine-cultural-landscape-project\/#primaryimage","url":"https:\/\/braidingknowledgescanada.ca\/wp-content\/uploads\/2025\/01\/research-project-banners14.webp","contentUrl":"https:\/\/braidingknowledgescanada.ca\/wp-content\/uploads\/2025\/01\/research-project-banners14.webp","width":1920,"height":400},{"@type":"BreadcrumbList","@id":"https:\/\/braidingknowledgescanada.ca\/en\/completed_project\/the-shutagotine-cultural-landscape-project\/#breadcrumb","itemListElement":[{"@type":"ListItem","position":1,"name":"Home","item":"https:\/\/braidingknowledgescanada.ca\/"},{"@type":"ListItem","position":2,"name":"The Sh\u00fatagot\u2019\u0131ne Cultural Landscape Project"}]},{"@type":"WebSite","@id":"https:\/\/braidingknowledgescanada.ca\/#website","url":"https:\/\/braidingknowledgescanada.ca\/","name":"Renouer les savoirs Canada","description":"Anciennement le R\u00e9seau canadien des montagnes","publisher":{"@id":"https:\/\/braidingknowledgescanada.ca\/#organization"},"potentialAction":[{"@type":"SearchAction","target":{"@type":"EntryPoint","urlTemplate":"https:\/\/braidingknowledgescanada.ca\/?s={search_term_string}"},"query-input":{"@type":"PropertyValueSpecification","valueRequired":true,"valueName":"search_term_string"}}],"inLanguage":"fr-FR"},{"@type":"Organization","@id":"https:\/\/braidingknowledgescanada.ca\/#organization","name":"Renouer les savoirs Canada","url":"https:\/\/braidingknowledgescanada.ca\/","logo":{"@type":"ImageObject","inLanguage":"fr-FR","@id":"https:\/\/braidingknowledgescanada.ca\/#\/schema\/logo\/image\/","url":"https:\/\/braidingknowledgescanada.ca\/wp-content\/uploads\/2024\/06\/Main-Logo.png","contentUrl":"https:\/\/braidingknowledgescanada.ca\/wp-content\/uploads\/2024\/06\/Main-Logo.png","width":545,"height":184,"caption":"Braiding Knowledges Canada"},"image":{"@id":"https:\/\/braidingknowledgescanada.ca\/#\/schema\/logo\/image\/"},"sameAs":["https:\/\/www.facebook.com\/braidingknowledges\/","https:\/\/x.com\/braidingknowldg","https:\/\/www.instagram.com\/BraidingKnowledges\/","https:\/\/www.youtube.com\/@BraidingKnowledges"]}]}},"_links":{"self":[{"href":"https:\/\/braidingknowledgescanada.ca\/fr\/wp-json\/wp\/v2\/completed_project\/982","targetHints":{"allow":["GET"]}}],"collection":[{"href":"https:\/\/braidingknowledgescanada.ca\/fr\/wp-json\/wp\/v2\/completed_project"}],"about":[{"href":"https:\/\/braidingknowledgescanada.ca\/fr\/wp-json\/wp\/v2\/types\/completed_project"}],"author":[{"embeddable":true,"href":"https:\/\/braidingknowledgescanada.ca\/fr\/wp-json\/wp\/v2\/users\/1"}],"version-history":[{"count":0,"href":"https:\/\/braidingknowledgescanada.ca\/fr\/wp-json\/wp\/v2\/completed_project\/982\/revisions"}],"wp:featuredmedia":[{"embeddable":true,"href":"https:\/\/braidingknowledgescanada.ca\/fr\/wp-json\/wp\/v2\/media\/983"}],"wp:attachment":[{"href":"https:\/\/braidingknowledgescanada.ca\/fr\/wp-json\/wp\/v2\/media?parent=982"}],"curies":[{"name":"wp","href":"https:\/\/api.w.org\/{rel}","templated":true}]}}